{"id":6270,"date":"2021-11-26T10:40:38","date_gmt":"2021-11-26T09:40:38","guid":{"rendered":"http:\/\/turismo.concellodovicedo.org.185-176-9-81.185-176-9-81.visualpublinet.com\/project\/mamoa-de-campo-dos-lagos\/"},"modified":"2022-01-25T12:57:20","modified_gmt":"2022-01-25T11:57:20","slug":"mamoa-de-campo-dos-lagos","status":"publish","type":"project","link":"https:\/\/turismo.concellodovicedo.org\/es\/project\/mamoa-de-campo-dos-lagos\/","title":{"rendered":"M\u00e1moa de Campo dos Lagos"},"content":{"rendered":"<p>[et_pb_section fb_built=\u00bb1&#8243; admin_label=\u00bbsection\u00bb _builder_version=\u00bb4.13.1&#8243; custom_margin=\u00bb0px||80px||false|false\u00bb custom_margin_tablet=\u00bb||50px||false|false\u00bb custom_margin_phone=\u00bb||50px||false|false\u00bb custom_margin_last_edited=\u00bbon|tablet\u00bb custom_padding=\u00bb0px||0px||false|false\u00bb animation_style=\u00bbslide\u00bb global_colors_info=\u00bb{}\u00bb][et_pb_row column_structure=\u00bb1_2,1_2&#8243; _builder_version=\u00bb4.13.1&#8243; _module_preset=\u00bbdefault\u00bb global_colors_info=\u00bb{}\u00bb][et_pb_column type=\u00bb1_2&#8243; _builder_version=\u00bb4.13.1&#8243; _module_preset=\u00bbdefault\u00bb global_colors_info=\u00bb{}\u00bb][et_pb_text _builder_version=\u00bb4.13.1&#8243; _module_preset=\u00bbdefault\u00bb hover_enabled=\u00bb0&#8243; global_colors_info=\u00bb{}\u00bb sticky_enabled=\u00bb0&#8243;]<\/p>\n<p>En el l\u00edmite sur del Ayuntamiento, pr\u00f3xima la una portela y a los t\u00famulos del Cristo de la Portapena de Ourol.<\/p>\n<p>[\/et_pb_text][\/et_pb_column][et_pb_column type=\u00bb1_2&#8243; _builder_version=\u00bb4.13.1&#8243; _module_preset=\u00bbdefault\u00bb global_colors_info=\u00bb{}\u00bb][et_pb_image src=\u00bbhttps:\/\/turismo.concellodovicedo.org\/wp-content\/uploads\/2021\/11\/mamoa_campo_dos_lagos.jpg\u00bb alt=\u00bbM\u00e1moa de Campo dos Lagos\u00bb title_text=\u00bbM\u00e1moa de Campo dos Lagos\u00bb align=\u00bbcenter\u00bb _builder_version=\u00bb4.13.1&#8243; _module_preset=\u00bbdefault\u00bb global_colors_info=\u00bb{}\u00bb][\/et_pb_image][\/et_pb_column][\/et_pb_row][\/et_pb_section][et_pb_section fb_built=\u00bb1&#8243; admin_label=\u00bbsection\u00bb _builder_version=\u00bb4.13.1&#8243; custom_margin=\u00bb0px||80px||false|false\u00bb custom_margin_tablet=\u00bb||50px||false|false\u00bb custom_margin_phone=\u00bb||50px||false|false\u00bb custom_margin_last_edited=\u00bbon|tablet\u00bb custom_padding=\u00bb0px||0px||false|false\u00bb animation_style=\u00bbslide\u00bb global_colors_info=\u00bb{}\u00bb][et_pb_row admin_label=\u00bbrow\u00bb _builder_version=\u00bb4.13.1&#8243; background_size=\u00bbinitial\u00bb background_position=\u00bbtop_left\u00bb background_repeat=\u00bbrepeat\u00bb global_colors_info=\u00bb{}\u00bb][et_pb_column type=\u00bb4_4&#8243; _builder_version=\u00bb3.25&#8243; custom_padding=\u00bb|||\u00bb global_colors_info=\u00bb{}\u00bb custom_padding__hover=\u00bb|||\u00bb][et_pb_code _builder_version=\u00bb4.13.1&#8243; _module_preset=\u00bbdefault\u00bb global_colors_info=\u00bb{}\u00bb]<iframe src=\"https:\/\/www.google.com\/maps\/embed?pb=!1m18!1m12!1m3!1d2888.852004014049!2d-7.672476185807038!3d43.609622991222196!2m3!1f0!2f0!3f0!3m2!1i1024!2i768!4f13.1!3m3!1m2!1s0x0%3A0xc5effb045162adae!2zNDPCsDM2JzM0LjYiTiA3wrA0MCcxNS44Ilc!5e0!3m2!1ses!2ses!4v1637919527804!5m2!1ses!2ses\" width=\"100%\" height=\"450\" style=\"border:0;\" allowfullscreen=\"\" loading=\"lazy\"><\/iframe>[\/et_pb_code][\/et_pb_column][\/et_pb_row][\/et_pb_section]<\/p>\n","protected":false},"excerpt":{"rendered":"<p>A Escanavada. Cabanas<\/p>\n","protected":false},"author":1,"featured_media":4349,"comment_status":"open","ping_status":"closed","template":"","meta":{"_acf_changed":false,"_et_pb_use_builder":"on","_et_pb_old_content":"","_et_gb_content_width":"","inline_featured_image":false,"footnotes":""},"project_category":[144,137],"project_tag":[],"class_list":["post-6270","project","type-project","status-publish","has-post-thumbnail","hentry","project_category-patrimonio-es-2","project_category-que-ver-es","project-location-type-patrimonio-es"],"acf":[],"yoast_head":"<!-- This site is optimized with the Yoast SEO plugin v24.7 - https:\/\/yoast.com\/wordpress\/plugins\/seo\/ -->\n<title>M\u00e1moa de Campo dos Lagos &#8226; Turismo Concello do Vicedo<\/title>\n<meta name=\"robots\" content=\"index, follow, max-snippet:-1, max-image-preview:large, max-video-preview:-1\" \/>\n<link rel=\"canonical\" href=\"https:\/\/turismo.concellodovicedo.org\/es\/project\/mamoa-de-campo-dos-lagos\/\" \/>\n<meta property=\"og:locale\" content=\"es_ES\" \/>\n<meta property=\"og:type\" content=\"article\" \/>\n<meta property=\"og:title\" content=\"M\u00e1moa de Campo dos Lagos &#8226; Turismo Concello do Vicedo\" \/>\n<meta property=\"og:description\" content=\"A Escanavada. Cabanas\" \/>\n<meta property=\"og:url\" content=\"https:\/\/turismo.concellodovicedo.org\/es\/project\/mamoa-de-campo-dos-lagos\/\" \/>\n<meta property=\"og:site_name\" content=\"Turismo Concello do Vicedo\" \/>\n<meta property=\"article:modified_time\" content=\"2022-01-25T11:57:20+00:00\" \/>\n<meta property=\"og:image\" content=\"https:\/\/turismo.concellodovicedo.org\/wp-content\/uploads\/2021\/11\/portada-patrimonio-01.jpg\" \/>\n\t<meta property=\"og:image:width\" content=\"1920\" \/>\n\t<meta property=\"og:image:height\" content=\"1080\" \/>\n\t<meta property=\"og:image:type\" content=\"image\/jpeg\" \/>\n<meta name=\"twitter:card\" content=\"summary_large_image\" \/>\n<meta name=\"twitter:label1\" content=\"Tiempo de lectura\" \/>\n\t<meta name=\"twitter:data1\" content=\"1 minuto\" \/>\n<script type=\"application\/ld+json\" class=\"yoast-schema-graph\">{\"@context\":\"https:\/\/schema.org\",\"@graph\":[{\"@type\":\"WebPage\",\"@id\":\"https:\/\/turismo.concellodovicedo.org\/es\/project\/mamoa-de-campo-dos-lagos\/\",\"url\":\"https:\/\/turismo.concellodovicedo.org\/es\/project\/mamoa-de-campo-dos-lagos\/\",\"name\":\"M\u00e1moa de Campo dos Lagos &#8226; Turismo Concello do Vicedo\",\"isPartOf\":{\"@id\":\"https:\/\/turismo.concellodovicedo.org\/es\/#website\"},\"primaryImageOfPage\":{\"@id\":\"https:\/\/turismo.concellodovicedo.org\/es\/project\/mamoa-de-campo-dos-lagos\/#primaryimage\"},\"image\":{\"@id\":\"https:\/\/turismo.concellodovicedo.org\/es\/project\/mamoa-de-campo-dos-lagos\/#primaryimage\"},\"thumbnailUrl\":\"https:\/\/turismo.concellodovicedo.org\/wp-content\/uploads\/2021\/11\/portada-patrimonio-01.jpg\",\"datePublished\":\"2021-11-26T09:40:38+00:00\",\"dateModified\":\"2022-01-25T11:57:20+00:00\",\"breadcrumb\":{\"@id\":\"https:\/\/turismo.concellodovicedo.org\/es\/project\/mamoa-de-campo-dos-lagos\/#breadcrumb\"},\"inLanguage\":\"es\",\"potentialAction\":[{\"@type\":\"ReadAction\",\"target\":[\"https:\/\/turismo.concellodovicedo.org\/es\/project\/mamoa-de-campo-dos-lagos\/\"]}]},{\"@type\":\"ImageObject\",\"inLanguage\":\"es\",\"@id\":\"https:\/\/turismo.concellodovicedo.org\/es\/project\/mamoa-de-campo-dos-lagos\/#primaryimage\",\"url\":\"https:\/\/turismo.concellodovicedo.org\/wp-content\/uploads\/2021\/11\/portada-patrimonio-01.jpg\",\"contentUrl\":\"https:\/\/turismo.concellodovicedo.org\/wp-content\/uploads\/2021\/11\/portada-patrimonio-01.jpg\",\"width\":1920,\"height\":1080},{\"@type\":\"BreadcrumbList\",\"@id\":\"https:\/\/turismo.concellodovicedo.org\/es\/project\/mamoa-de-campo-dos-lagos\/#breadcrumb\",\"itemListElement\":[{\"@type\":\"ListItem\",\"position\":1,\"name\":\"Home\",\"item\":\"https:\/\/turismo.concellodovicedo.org\/es\/\"},{\"@type\":\"ListItem\",\"position\":2,\"name\":\"Proyectos\",\"item\":\"https:\/\/turismo.concellodovicedo.org\/es\/project\/\"},{\"@type\":\"ListItem\",\"position\":3,\"name\":\"M\u00e1moa de Campo dos Lagos\"}]},{\"@type\":\"WebSite\",\"@id\":\"https:\/\/turismo.concellodovicedo.org\/es\/#website\",\"url\":\"https:\/\/turismo.concellodovicedo.org\/es\/\",\"name\":\"Turismo Concello do Vicedo\",\"description\":\"Portal de Turismo do Concello do Vicedo\",\"publisher\":{\"@id\":\"https:\/\/turismo.concellodovicedo.org\/es\/#organization\"},\"potentialAction\":[{\"@type\":\"SearchAction\",\"target\":{\"@type\":\"EntryPoint\",\"urlTemplate\":\"https:\/\/turismo.concellodovicedo.org\/es\/?s={search_term_string}\"},\"query-input\":{\"@type\":\"PropertyValueSpecification\",\"valueRequired\":true,\"valueName\":\"search_term_string\"}}],\"inLanguage\":\"es\"},{\"@type\":\"Organization\",\"@id\":\"https:\/\/turismo.concellodovicedo.org\/es\/#organization\",\"name\":\"Turismo Concello O Vicedo\",\"url\":\"https:\/\/turismo.concellodovicedo.org\/es\/\",\"logo\":{\"@type\":\"ImageObject\",\"inLanguage\":\"es\",\"@id\":\"https:\/\/turismo.concellodovicedo.org\/es\/#\/schema\/logo\/image\/\",\"url\":\"https:\/\/turismo.concellodovicedo.org\/wp-content\/uploads\/2021\/11\/logo-turismo-vicedo-02.png\",\"contentUrl\":\"https:\/\/turismo.concellodovicedo.org\/wp-content\/uploads\/2021\/11\/logo-turismo-vicedo-02.png\",\"width\":200,\"height\":200,\"caption\":\"Turismo Concello O Vicedo\"},\"image\":{\"@id\":\"https:\/\/turismo.concellodovicedo.org\/es\/#\/schema\/logo\/image\/\"}}]}<\/script>\n<!-- \/ Yoast SEO plugin. -->","yoast_head_json":{"title":"M\u00e1moa de Campo dos Lagos &#8226; Turismo Concello do Vicedo","robots":{"index":"index","follow":"follow","max-snippet":"max-snippet:-1","max-image-preview":"max-image-preview:large","max-video-preview":"max-video-preview:-1"},"canonical":"https:\/\/turismo.concellodovicedo.org\/es\/project\/mamoa-de-campo-dos-lagos\/","og_locale":"es_ES","og_type":"article","og_title":"M\u00e1moa de Campo dos Lagos &#8226; Turismo Concello do Vicedo","og_description":"A Escanavada. Cabanas","og_url":"https:\/\/turismo.concellodovicedo.org\/es\/project\/mamoa-de-campo-dos-lagos\/","og_site_name":"Turismo Concello do Vicedo","article_modified_time":"2022-01-25T11:57:20+00:00","og_image":[{"width":1920,"height":1080,"url":"https:\/\/turismo.concellodovicedo.org\/wp-content\/uploads\/2021\/11\/portada-patrimonio-01.jpg","type":"image\/jpeg"}],"twitter_card":"summary_large_image","twitter_misc":{"Tiempo de lectura":"1 minuto"},"schema":{"@context":"https:\/\/schema.org","@graph":[{"@type":"WebPage","@id":"https:\/\/turismo.concellodovicedo.org\/es\/project\/mamoa-de-campo-dos-lagos\/","url":"https:\/\/turismo.concellodovicedo.org\/es\/project\/mamoa-de-campo-dos-lagos\/","name":"M\u00e1moa de Campo dos Lagos &#8226; Turismo Concello do Vicedo","isPartOf":{"@id":"https:\/\/turismo.concellodovicedo.org\/es\/#website"},"primaryImageOfPage":{"@id":"https:\/\/turismo.concellodovicedo.org\/es\/project\/mamoa-de-campo-dos-lagos\/#primaryimage"},"image":{"@id":"https:\/\/turismo.concellodovicedo.org\/es\/project\/mamoa-de-campo-dos-lagos\/#primaryimage"},"thumbnailUrl":"https:\/\/turismo.concellodovicedo.org\/wp-content\/uploads\/2021\/11\/portada-patrimonio-01.jpg","datePublished":"2021-11-26T09:40:38+00:00","dateModified":"2022-01-25T11:57:20+00:00","breadcrumb":{"@id":"https:\/\/turismo.concellodovicedo.org\/es\/project\/mamoa-de-campo-dos-lagos\/#breadcrumb"},"inLanguage":"es","potentialAction":[{"@type":"ReadAction","target":["https:\/\/turismo.concellodovicedo.org\/es\/project\/mamoa-de-campo-dos-lagos\/"]}]},{"@type":"ImageObject","inLanguage":"es","@id":"https:\/\/turismo.concellodovicedo.org\/es\/project\/mamoa-de-campo-dos-lagos\/#primaryimage","url":"https:\/\/turismo.concellodovicedo.org\/wp-content\/uploads\/2021\/11\/portada-patrimonio-01.jpg","contentUrl":"https:\/\/turismo.concellodovicedo.org\/wp-content\/uploads\/2021\/11\/portada-patrimonio-01.jpg","width":1920,"height":1080},{"@type":"BreadcrumbList","@id":"https:\/\/turismo.concellodovicedo.org\/es\/project\/mamoa-de-campo-dos-lagos\/#breadcrumb","itemListElement":[{"@type":"ListItem","position":1,"name":"Home","item":"https:\/\/turismo.concellodovicedo.org\/es\/"},{"@type":"ListItem","position":2,"name":"Proyectos","item":"https:\/\/turismo.concellodovicedo.org\/es\/project\/"},{"@type":"ListItem","position":3,"name":"M\u00e1moa de Campo dos Lagos"}]},{"@type":"WebSite","@id":"https:\/\/turismo.concellodovicedo.org\/es\/#website","url":"https:\/\/turismo.concellodovicedo.org\/es\/","name":"Turismo Concello do Vicedo","description":"Portal de Turismo do Concello do Vicedo","publisher":{"@id":"https:\/\/turismo.concellodovicedo.org\/es\/#organization"},"potentialAction":[{"@type":"SearchAction","target":{"@type":"EntryPoint","urlTemplate":"https:\/\/turismo.concellodovicedo.org\/es\/?s={search_term_string}"},"query-input":{"@type":"PropertyValueSpecification","valueRequired":true,"valueName":"search_term_string"}}],"inLanguage":"es"},{"@type":"Organization","@id":"https:\/\/turismo.concellodovicedo.org\/es\/#organization","name":"Turismo Concello O Vicedo","url":"https:\/\/turismo.concellodovicedo.org\/es\/","logo":{"@type":"ImageObject","inLanguage":"es","@id":"https:\/\/turismo.concellodovicedo.org\/es\/#\/schema\/logo\/image\/","url":"https:\/\/turismo.concellodovicedo.org\/wp-content\/uploads\/2021\/11\/logo-turismo-vicedo-02.png","contentUrl":"https:\/\/turismo.concellodovicedo.org\/wp-content\/uploads\/2021\/11\/logo-turismo-vicedo-02.png","width":200,"height":200,"caption":"Turismo Concello O Vicedo"},"image":{"@id":"https:\/\/turismo.concellodovicedo.org\/es\/#\/schema\/logo\/image\/"}}]}},"_links":{"self":[{"href":"https:\/\/turismo.concellodovicedo.org\/es\/wp-json\/wp\/v2\/project\/6270","targetHints":{"allow":["GET"]}}],"collection":[{"href":"https:\/\/turismo.concellodovicedo.org\/es\/wp-json\/wp\/v2\/project"}],"about":[{"href":"https:\/\/turismo.concellodovicedo.org\/es\/wp-json\/wp\/v2\/types\/project"}],"author":[{"embeddable":true,"href":"https:\/\/turismo.concellodovicedo.org\/es\/wp-json\/wp\/v2\/users\/1"}],"replies":[{"embeddable":true,"href":"https:\/\/turismo.concellodovicedo.org\/es\/wp-json\/wp\/v2\/comments?post=6270"}],"version-history":[{"count":2,"href":"https:\/\/turismo.concellodovicedo.org\/es\/wp-json\/wp\/v2\/project\/6270\/revisions"}],"predecessor-version":[{"id":6557,"href":"https:\/\/turismo.concellodovicedo.org\/es\/wp-json\/wp\/v2\/project\/6270\/revisions\/6557"}],"wp:featuredmedia":[{"embeddable":true,"href":"https:\/\/turismo.concellodovicedo.org\/es\/wp-json\/wp\/v2\/media\/4349"}],"wp:attachment":[{"href":"https:\/\/turismo.concellodovicedo.org\/es\/wp-json\/wp\/v2\/media?parent=6270"}],"wp:term":[{"taxonomy":"project_category","embeddable":true,"href":"https:\/\/turismo.concellodovicedo.org\/es\/wp-json\/wp\/v2\/project_category?post=6270"},{"taxonomy":"project_tag","embeddable":true,"href":"https:\/\/turismo.concellodovicedo.org\/es\/wp-json\/wp\/v2\/project_tag?post=6270"}],"curies":[{"name":"wp","href":"https:\/\/api.w.org\/{rel}","templated":true}]}}