{"id":6250,"date":"2021-11-26T13:21:08","date_gmt":"2021-11-26T12:21:08","guid":{"rendered":"http:\/\/turismo.concellodovicedo.org.185-176-9-81.185-176-9-81.visualpublinet.com\/project\/costa-de-loiba\/"},"modified":"2022-01-25T13:50:15","modified_gmt":"2022-01-25T12:50:15","slug":"costa-de-loiba","status":"publish","type":"project","link":"https:\/\/turismo.concellodovicedo.org\/es\/project\/costa-de-loiba\/","title":{"rendered":"Costa de Loiba"},"content":{"rendered":"<p>[et_pb_section fb_built=\u00bb1&#8243; admin_label=\u00bbsection\u00bb _builder_version=\u00bb4.13.1&#8243; custom_margin=\u00bb0px||80px||false|false\u00bb custom_margin_tablet=\u00bb||50px||false|false\u00bb custom_margin_phone=\u00bb||50px||false|false\u00bb custom_margin_last_edited=\u00bbon|tablet\u00bb custom_padding=\u00bb0px||0px||false|false\u00bb animation_style=\u00bbslide\u00bb global_colors_info=\u00bb{}\u00bb][et_pb_row column_structure=\u00bb1_2,1_2&#8243; _builder_version=\u00bb4.13.1&#8243; _module_preset=\u00bbdefault\u00bb custom_padding=\u00bb||69px|||\u00bb global_colors_info=\u00bb{}\u00bb][et_pb_column type=\u00bb1_2&#8243; _builder_version=\u00bb4.13.1&#8243; _module_preset=\u00bbdefault\u00bb global_colors_info=\u00bb{}\u00bb][et_pb_text _builder_version=\u00bb4.13.1&#8243; _module_preset=\u00bbdefault\u00bb header_5_font=\u00bb||||||||\u00bb header_5_text_color=\u00bb#00C7D3&#8243; hover_enabled=\u00bb0&#8243; global_colors_info=\u00bb{}\u00bb sticky_enabled=\u00bb0&#8243;]<\/p>\n<p>La costa de Loiba constituye una aut\u00e9ntica sucesi\u00f3n de monumentos naturales. Es este el litoral m\u00e1s salvaje del municipio, y tambi\u00e9n el m\u00e1s desconocido. El mar esculpi\u00f3 en esta zona impresionantes acantilados y perfor\u00f3 rocas, disponiendo una suerte de cuevas conocidas como \u201c furnas\u201d.<\/p>\n<p>A su lado encontramos miradores de lujo como el ya famoso Banco de Loiba, el banco m\u00e1s bonito del mundo, dice la inscripci\u00f3n que hay en su respaldo, playas v\u00edrgenes y lugares curiosos como un embarcadero que acaba de ser rehabilitado.<\/p>\n<p>[\/et_pb_text][\/et_pb_column][et_pb_column type=\u00bb1_2&#8243; _builder_version=\u00bb4.13.1&#8243; _module_preset=\u00bbdefault\u00bb global_colors_info=\u00bb{}\u00bb][et_pb_image src=\u00bbhttps:\/\/turismo.concellodovicedo.org\/wp-content\/uploads\/2021\/11\/Costa_de_Loiba.jpg\u00bb alt=\u00bbCosta de Loiba\u00bb title_text=\u00bbCosta de Loiba\u00bb align=\u00bbcenter\u00bb _builder_version=\u00bb4.13.1&#8243; _module_preset=\u00bbdefault\u00bb global_colors_info=\u00bb{}\u00bb][\/et_pb_image][\/et_pb_column][\/et_pb_row][\/et_pb_section][et_pb_section fb_built=\u00bb1&#8243; admin_label=\u00bbsection\u00bb _builder_version=\u00bb4.13.1&#8243; custom_margin=\u00bb0px||80px||false|false\u00bb custom_margin_tablet=\u00bb||50px||false|false\u00bb custom_margin_phone=\u00bb||50px||false|false\u00bb custom_margin_last_edited=\u00bbon|tablet\u00bb custom_padding=\u00bb0px||0px||false|false\u00bb animation_style=\u00bbslide\u00bb global_colors_info=\u00bb{}\u00bb][et_pb_row admin_label=\u00bbrow\u00bb _builder_version=\u00bb4.13.1&#8243; background_size=\u00bbinitial\u00bb background_position=\u00bbtop_left\u00bb background_repeat=\u00bbrepeat\u00bb global_colors_info=\u00bb{}\u00bb][et_pb_column type=\u00bb4_4&#8243; _builder_version=\u00bb3.25&#8243; custom_padding=\u00bb|||\u00bb global_colors_info=\u00bb{}\u00bb custom_padding__hover=\u00bb|||\u00bb][et_pb_code _builder_version=\u00bb4.13.1&#8243; _module_preset=\u00bbdefault\u00bb global_colors_info=\u00bb{}\u00bb]<iframe src=\"https:\/\/www.google.com\/maps\/embed?pb=!1m18!1m12!1m3!1d2882.3765696907885!2d-7.7546206842402094!3d43.74427637911839!2m3!1f0!2f0!3f0!3m2!1i1024!2i768!4f13.1!3m3!1m2!1s0xd32099b01786beb%3A0xe28c4be5e9d612c0!2sMiradoiro%20de%20Coitelo%20-%20Cant%C3%ADs%20de%20Loiba!5e0!3m2!1ses!2ses!4v1637929234985!5m2!1ses!2ses\" width=\"100%\" height=\"450\" style=\"border:0;\" allowfullscreen=\"\" loading=\"lazy\"><\/iframe>[\/et_pb_code][\/et_pb_column][\/et_pb_row][\/et_pb_section]<\/p>\n","protected":false},"excerpt":{"rendered":"<p>Ortigueira<\/p>\n","protected":false},"author":1,"featured_media":5058,"comment_status":"open","ping_status":"closed","template":"","meta":{"_acf_changed":false,"_et_pb_use_builder":"on","_et_pb_old_content":"","_et_gb_content_width":"","inline_featured_image":false,"footnotes":""},"project_category":[142,137],"project_tag":[],"class_list":["post-6250","project","type-project","status-publish","has-post-thumbnail","hentry","project_category-espazos-anturais-proximos-es","project_category-que-ver-es","project-location-type-espazos-naturais-es"],"acf":[],"yoast_head":"<!-- This site is optimized with the Yoast SEO plugin v24.7 - https:\/\/yoast.com\/wordpress\/plugins\/seo\/ -->\n<title>Costa de Loiba &#8226; Turismo Concello do Vicedo<\/title>\n<meta name=\"robots\" content=\"index, follow, max-snippet:-1, max-image-preview:large, max-video-preview:-1\" \/>\n<link rel=\"canonical\" href=\"https:\/\/turismo.concellodovicedo.org\/es\/project\/costa-de-loiba\/\" \/>\n<meta property=\"og:locale\" content=\"es_ES\" \/>\n<meta property=\"og:type\" content=\"article\" \/>\n<meta property=\"og:title\" content=\"Costa de Loiba &#8226; Turismo Concello do Vicedo\" \/>\n<meta property=\"og:description\" content=\"Ortigueira\" \/>\n<meta property=\"og:url\" content=\"https:\/\/turismo.concellodovicedo.org\/es\/project\/costa-de-loiba\/\" \/>\n<meta property=\"og:site_name\" content=\"Turismo Concello do Vicedo\" \/>\n<meta property=\"article:modified_time\" content=\"2022-01-25T12:50:15+00:00\" \/>\n<meta property=\"og:image\" content=\"https:\/\/turismo.concellodovicedo.org\/wp-content\/uploads\/2021\/11\/costa-loiba-01.jpg\" \/>\n\t<meta property=\"og:image:width\" content=\"1440\" \/>\n\t<meta property=\"og:image:height\" content=\"810\" \/>\n\t<meta property=\"og:image:type\" content=\"image\/jpeg\" \/>\n<meta name=\"twitter:card\" content=\"summary_large_image\" \/>\n<meta name=\"twitter:label1\" content=\"Tiempo de lectura\" \/>\n\t<meta name=\"twitter:data1\" content=\"2 minutos\" \/>\n<script type=\"application\/ld+json\" class=\"yoast-schema-graph\">{\"@context\":\"https:\/\/schema.org\",\"@graph\":[{\"@type\":\"WebPage\",\"@id\":\"https:\/\/turismo.concellodovicedo.org\/es\/project\/costa-de-loiba\/\",\"url\":\"https:\/\/turismo.concellodovicedo.org\/es\/project\/costa-de-loiba\/\",\"name\":\"Costa de Loiba &#8226; Turismo Concello do Vicedo\",\"isPartOf\":{\"@id\":\"https:\/\/turismo.concellodovicedo.org\/es\/#website\"},\"primaryImageOfPage\":{\"@id\":\"https:\/\/turismo.concellodovicedo.org\/es\/project\/costa-de-loiba\/#primaryimage\"},\"image\":{\"@id\":\"https:\/\/turismo.concellodovicedo.org\/es\/project\/costa-de-loiba\/#primaryimage\"},\"thumbnailUrl\":\"https:\/\/turismo.concellodovicedo.org\/wp-content\/uploads\/2021\/11\/costa-loiba-01.jpg\",\"datePublished\":\"2021-11-26T12:21:08+00:00\",\"dateModified\":\"2022-01-25T12:50:15+00:00\",\"breadcrumb\":{\"@id\":\"https:\/\/turismo.concellodovicedo.org\/es\/project\/costa-de-loiba\/#breadcrumb\"},\"inLanguage\":\"es\",\"potentialAction\":[{\"@type\":\"ReadAction\",\"target\":[\"https:\/\/turismo.concellodovicedo.org\/es\/project\/costa-de-loiba\/\"]}]},{\"@type\":\"ImageObject\",\"inLanguage\":\"es\",\"@id\":\"https:\/\/turismo.concellodovicedo.org\/es\/project\/costa-de-loiba\/#primaryimage\",\"url\":\"https:\/\/turismo.concellodovicedo.org\/wp-content\/uploads\/2021\/11\/costa-loiba-01.jpg\",\"contentUrl\":\"https:\/\/turismo.concellodovicedo.org\/wp-content\/uploads\/2021\/11\/costa-loiba-01.jpg\",\"width\":1440,\"height\":810,\"caption\":\"Costa de Loiba\"},{\"@type\":\"BreadcrumbList\",\"@id\":\"https:\/\/turismo.concellodovicedo.org\/es\/project\/costa-de-loiba\/#breadcrumb\",\"itemListElement\":[{\"@type\":\"ListItem\",\"position\":1,\"name\":\"Home\",\"item\":\"https:\/\/turismo.concellodovicedo.org\/es\/\"},{\"@type\":\"ListItem\",\"position\":2,\"name\":\"Proyectos\",\"item\":\"https:\/\/turismo.concellodovicedo.org\/es\/project\/\"},{\"@type\":\"ListItem\",\"position\":3,\"name\":\"Costa de Loiba\"}]},{\"@type\":\"WebSite\",\"@id\":\"https:\/\/turismo.concellodovicedo.org\/es\/#website\",\"url\":\"https:\/\/turismo.concellodovicedo.org\/es\/\",\"name\":\"Turismo Concello do Vicedo\",\"description\":\"Portal de Turismo do Concello do Vicedo\",\"publisher\":{\"@id\":\"https:\/\/turismo.concellodovicedo.org\/es\/#organization\"},\"potentialAction\":[{\"@type\":\"SearchAction\",\"target\":{\"@type\":\"EntryPoint\",\"urlTemplate\":\"https:\/\/turismo.concellodovicedo.org\/es\/?s={search_term_string}\"},\"query-input\":{\"@type\":\"PropertyValueSpecification\",\"valueRequired\":true,\"valueName\":\"search_term_string\"}}],\"inLanguage\":\"es\"},{\"@type\":\"Organization\",\"@id\":\"https:\/\/turismo.concellodovicedo.org\/es\/#organization\",\"name\":\"Turismo Concello O Vicedo\",\"url\":\"https:\/\/turismo.concellodovicedo.org\/es\/\",\"logo\":{\"@type\":\"ImageObject\",\"inLanguage\":\"es\",\"@id\":\"https:\/\/turismo.concellodovicedo.org\/es\/#\/schema\/logo\/image\/\",\"url\":\"https:\/\/turismo.concellodovicedo.org\/wp-content\/uploads\/2021\/11\/logo-turismo-vicedo-02.png\",\"contentUrl\":\"https:\/\/turismo.concellodovicedo.org\/wp-content\/uploads\/2021\/11\/logo-turismo-vicedo-02.png\",\"width\":200,\"height\":200,\"caption\":\"Turismo Concello O Vicedo\"},\"image\":{\"@id\":\"https:\/\/turismo.concellodovicedo.org\/es\/#\/schema\/logo\/image\/\"}}]}<\/script>\n<!-- \/ Yoast SEO plugin. -->","yoast_head_json":{"title":"Costa de Loiba &#8226; Turismo Concello do Vicedo","robots":{"index":"index","follow":"follow","max-snippet":"max-snippet:-1","max-image-preview":"max-image-preview:large","max-video-preview":"max-video-preview:-1"},"canonical":"https:\/\/turismo.concellodovicedo.org\/es\/project\/costa-de-loiba\/","og_locale":"es_ES","og_type":"article","og_title":"Costa de Loiba &#8226; Turismo Concello do Vicedo","og_description":"Ortigueira","og_url":"https:\/\/turismo.concellodovicedo.org\/es\/project\/costa-de-loiba\/","og_site_name":"Turismo Concello do Vicedo","article_modified_time":"2022-01-25T12:50:15+00:00","og_image":[{"width":1440,"height":810,"url":"https:\/\/turismo.concellodovicedo.org\/wp-content\/uploads\/2021\/11\/costa-loiba-01.jpg","type":"image\/jpeg"}],"twitter_card":"summary_large_image","twitter_misc":{"Tiempo de lectura":"2 minutos"},"schema":{"@context":"https:\/\/schema.org","@graph":[{"@type":"WebPage","@id":"https:\/\/turismo.concellodovicedo.org\/es\/project\/costa-de-loiba\/","url":"https:\/\/turismo.concellodovicedo.org\/es\/project\/costa-de-loiba\/","name":"Costa de Loiba &#8226; Turismo Concello do Vicedo","isPartOf":{"@id":"https:\/\/turismo.concellodovicedo.org\/es\/#website"},"primaryImageOfPage":{"@id":"https:\/\/turismo.concellodovicedo.org\/es\/project\/costa-de-loiba\/#primaryimage"},"image":{"@id":"https:\/\/turismo.concellodovicedo.org\/es\/project\/costa-de-loiba\/#primaryimage"},"thumbnailUrl":"https:\/\/turismo.concellodovicedo.org\/wp-content\/uploads\/2021\/11\/costa-loiba-01.jpg","datePublished":"2021-11-26T12:21:08+00:00","dateModified":"2022-01-25T12:50:15+00:00","breadcrumb":{"@id":"https:\/\/turismo.concellodovicedo.org\/es\/project\/costa-de-loiba\/#breadcrumb"},"inLanguage":"es","potentialAction":[{"@type":"ReadAction","target":["https:\/\/turismo.concellodovicedo.org\/es\/project\/costa-de-loiba\/"]}]},{"@type":"ImageObject","inLanguage":"es","@id":"https:\/\/turismo.concellodovicedo.org\/es\/project\/costa-de-loiba\/#primaryimage","url":"https:\/\/turismo.concellodovicedo.org\/wp-content\/uploads\/2021\/11\/costa-loiba-01.jpg","contentUrl":"https:\/\/turismo.concellodovicedo.org\/wp-content\/uploads\/2021\/11\/costa-loiba-01.jpg","width":1440,"height":810,"caption":"Costa de Loiba"},{"@type":"BreadcrumbList","@id":"https:\/\/turismo.concellodovicedo.org\/es\/project\/costa-de-loiba\/#breadcrumb","itemListElement":[{"@type":"ListItem","position":1,"name":"Home","item":"https:\/\/turismo.concellodovicedo.org\/es\/"},{"@type":"ListItem","position":2,"name":"Proyectos","item":"https:\/\/turismo.concellodovicedo.org\/es\/project\/"},{"@type":"ListItem","position":3,"name":"Costa de Loiba"}]},{"@type":"WebSite","@id":"https:\/\/turismo.concellodovicedo.org\/es\/#website","url":"https:\/\/turismo.concellodovicedo.org\/es\/","name":"Turismo Concello do Vicedo","description":"Portal de Turismo do Concello do Vicedo","publisher":{"@id":"https:\/\/turismo.concellodovicedo.org\/es\/#organization"},"potentialAction":[{"@type":"SearchAction","target":{"@type":"EntryPoint","urlTemplate":"https:\/\/turismo.concellodovicedo.org\/es\/?s={search_term_string}"},"query-input":{"@type":"PropertyValueSpecification","valueRequired":true,"valueName":"search_term_string"}}],"inLanguage":"es"},{"@type":"Organization","@id":"https:\/\/turismo.concellodovicedo.org\/es\/#organization","name":"Turismo Concello O Vicedo","url":"https:\/\/turismo.concellodovicedo.org\/es\/","logo":{"@type":"ImageObject","inLanguage":"es","@id":"https:\/\/turismo.concellodovicedo.org\/es\/#\/schema\/logo\/image\/","url":"https:\/\/turismo.concellodovicedo.org\/wp-content\/uploads\/2021\/11\/logo-turismo-vicedo-02.png","contentUrl":"https:\/\/turismo.concellodovicedo.org\/wp-content\/uploads\/2021\/11\/logo-turismo-vicedo-02.png","width":200,"height":200,"caption":"Turismo Concello O Vicedo"},"image":{"@id":"https:\/\/turismo.concellodovicedo.org\/es\/#\/schema\/logo\/image\/"}}]}},"_links":{"self":[{"href":"https:\/\/turismo.concellodovicedo.org\/es\/wp-json\/wp\/v2\/project\/6250","targetHints":{"allow":["GET"]}}],"collection":[{"href":"https:\/\/turismo.concellodovicedo.org\/es\/wp-json\/wp\/v2\/project"}],"about":[{"href":"https:\/\/turismo.concellodovicedo.org\/es\/wp-json\/wp\/v2\/types\/project"}],"author":[{"embeddable":true,"href":"https:\/\/turismo.concellodovicedo.org\/es\/wp-json\/wp\/v2\/users\/1"}],"replies":[{"embeddable":true,"href":"https:\/\/turismo.concellodovicedo.org\/es\/wp-json\/wp\/v2\/comments?post=6250"}],"version-history":[{"count":2,"href":"https:\/\/turismo.concellodovicedo.org\/es\/wp-json\/wp\/v2\/project\/6250\/revisions"}],"predecessor-version":[{"id":6580,"href":"https:\/\/turismo.concellodovicedo.org\/es\/wp-json\/wp\/v2\/project\/6250\/revisions\/6580"}],"wp:featuredmedia":[{"embeddable":true,"href":"https:\/\/turismo.concellodovicedo.org\/es\/wp-json\/wp\/v2\/media\/5058"}],"wp:attachment":[{"href":"https:\/\/turismo.concellodovicedo.org\/es\/wp-json\/wp\/v2\/media?parent=6250"}],"wp:term":[{"taxonomy":"project_category","embeddable":true,"href":"https:\/\/turismo.concellodovicedo.org\/es\/wp-json\/wp\/v2\/project_category?post=6250"},{"taxonomy":"project_tag","embeddable":true,"href":"https:\/\/turismo.concellodovicedo.org\/es\/wp-json\/wp\/v2\/project_tag?post=6250"}],"curies":[{"name":"wp","href":"https:\/\/api.w.org\/{rel}","templated":true}]}}