{"id":6187,"date":"2021-11-29T13:51:42","date_gmt":"2021-11-29T12:51:42","guid":{"rendered":"http:\/\/turismo.concellodovicedo.org.185-176-9-81.185-176-9-81.visualpublinet.com\/project\/costa-do-vicedo-pr-g-156\/"},"modified":"2022-04-21T11:16:33","modified_gmt":"2022-04-21T10:16:33","slug":"costa-do-vicedo-pr-g-156","status":"publish","type":"project","link":"https:\/\/turismo.concellodovicedo.org\/es\/project\/costa-do-vicedo-pr-g-156\/","title":{"rendered":"Costa de O Vicedo (PR &#8211; G 156)"},"content":{"rendered":"<p>[et_pb_section fb_built=\u00bb1&#8243; admin_label=\u00bbsection\u00bb _builder_version=\u00bb4.13.1&#8243; custom_margin=\u00bb0px||80px||false|false\u00bb custom_margin_tablet=\u00bb||50px||false|false\u00bb custom_margin_phone=\u00bb||50px||false|false\u00bb custom_margin_last_edited=\u00bbon|tablet\u00bb custom_padding=\u00bb0px||0px||false|false\u00bb animation_style=\u00bbslide\u00bb global_colors_info=\u00bb{}\u00bb][et_pb_row _builder_version=\u00bb4.13.1&#8243; _module_preset=\u00bbdefault\u00bb width=\u00bb60%\u00bb width_tablet=\u00bb80%\u00bb width_phone=\u00bb80%\u00bb width_last_edited=\u00bbon|tablet\u00bb global_colors_info=\u00bb{}\u00bb][et_pb_column type=\u00bb4_4&#8243; _builder_version=\u00bb4.13.1&#8243; _module_preset=\u00bbdefault\u00bb global_colors_info=\u00bb{}\u00bb][et_pb_text _builder_version=\u00bb4.13.1&#8243; _module_preset=\u00bbdefault\u00bb header_4_font=\u00bb|700||on|||||\u00bb header_4_text_color=\u00bb#FFC400&#8243; header_5_font=\u00bb|700||on|||||\u00bb header_5_text_color=\u00bb#00B215&#8243; text_orientation=\u00bbcenter\u00bb hover_enabled=\u00bb0&#8243; global_colors_info=\u00bb{}\u00bb sticky_enabled=\u00bb0&#8243;]<\/p>\n<h5>Ruta homologada por la Federaci\u00f3n Galega de Monta\u00f1ismo.<\/h5>\n<p>Recorre una importante parte de la costa del municipio que abarca la R\u00eda de Vicedo y parte de la de Viveiro, comenzando cerca del puerto pesquero, continuando la l\u00ednea de costa y pasando por varias de las playas del Ayuntamiento de O Vicedo.<\/p>\n<p>[\/et_pb_text][\/et_pb_column][\/et_pb_row][et_pb_row column_structure=\u00bb1_2,1_2&#8243; _builder_version=\u00bb4.13.1&#8243; _module_preset=\u00bbdefault\u00bb global_colors_info=\u00bb{}\u00bb][et_pb_column type=\u00bb1_2&#8243; _builder_version=\u00bb4.13.1&#8243; _module_preset=\u00bbdefault\u00bb global_colors_info=\u00bb{}\u00bb][et_pb_text _builder_version=\u00bb4.13.1&#8243; _module_preset=\u00bbdefault\u00bb hover_enabled=\u00bb0&#8243; global_colors_info=\u00bb{}\u00bb sticky_enabled=\u00bb0&#8243;]<\/p>\n<p>El sendero comienza en la explanada del puerto de O Vicedo, pasa por el peque\u00f1o paseo que rodea la playa de Vidreiro para, posteriormente, pasar cerca del faro de Castro y llegar a Caol\u00edn, peque\u00f1a cala con una arena blanca hermos\u00edsima. Despu\u00e9s el sendero sigue un camino tendido por la costa hasta llegar a la playa de Xilloi. Se contin\u00faa por la costa para llegar al punto m\u00e1s pr\u00f3ximo desde la costa a la Isla Coelleira.<\/p>\n<p>A continuaci\u00f3n, el sendero va alternando costa y monta\u00f1a hasta llegar a la escondida playa de Tixoso. Desde ese punto el camino sigue la l\u00ednea de la costa para llegar al mirador de San Rom\u00e1n, desde donde hay una impresionante vista sobre la salida de la R\u00eda de Viveiro y, a continuaci\u00f3n, se emprende la bajada a la playa de Area Grande donde se encuentra el final de la ruta.<\/p>\n<p>[\/et_pb_text][\/et_pb_column][et_pb_column type=\u00bb1_2&#8243; _builder_version=\u00bb4.13.1&#8243; _module_preset=\u00bbdefault\u00bb global_colors_info=\u00bb{}\u00bb][et_pb_image src=\u00bbhttps:\/\/turismo.concellodovicedo.org\/wp-content\/uploads\/2021\/11\/Ruta_Costa_do_Vicedo3.jpg\u00bb alt=\u00bbCosta do Vicedo (PR &#8211; G 156)\u00bb title_text=\u00bbCosta do Vicedo (PR &#8211; G 156)\u00bb align=\u00bbcenter\u00bb _builder_version=\u00bb4.13.1&#8243; _module_preset=\u00bbdefault\u00bb global_colors_info=\u00bb{}\u00bb][\/et_pb_image][\/et_pb_column][\/et_pb_row][et_pb_row column_structure=\u00bb1_2,1_2&#8243; _builder_version=\u00bb4.13.1&#8243; _module_preset=\u00bbdefault\u00bb global_colors_info=\u00bb{}\u00bb][et_pb_column type=\u00bb1_2&#8243; _builder_version=\u00bb4.13.1&#8243; _module_preset=\u00bbdefault\u00bb global_colors_info=\u00bb{}\u00bb][et_pb_image src=\u00bbhttps:\/\/turismo.concellodovicedo.org\/wp-content\/uploads\/2021\/11\/Ruta_Costa_do_Vicedo2.jpg\u00bb alt=\u00bbCosta do Vicedo (PR &#8211; G 156)\u00bb title_text=\u00bbCosta do Vicedo (PR &#8211; G 156)\u00bb align=\u00bbcenter\u00bb _builder_version=\u00bb4.13.1&#8243; _module_preset=\u00bbdefault\u00bb hover_enabled=\u00bb0&#8243; global_colors_info=\u00bb{}\u00bb sticky_enabled=\u00bb0&#8243;][\/et_pb_image][\/et_pb_column][et_pb_column type=\u00bb1_2&#8243; _builder_version=\u00bb4.13.1&#8243; _module_preset=\u00bbdefault\u00bb global_colors_info=\u00bb{}\u00bb][et_pb_image src=\u00bbhttps:\/\/turismo.concellodovicedo.org\/wp-content\/uploads\/2021\/11\/Ruta_costa_do_Vicedo1.jpg\u00bb alt=\u00bbCosta do Vicedo (PR &#8211; G 156)\u00bb title_text=\u00bbCosta do Vicedo (PR &#8211; G 156)\u00bb align=\u00bbcenter\u00bb _builder_version=\u00bb4.13.1&#8243; _module_preset=\u00bbdefault\u00bb global_colors_info=\u00bb{}\u00bb][\/et_pb_image][\/et_pb_column][\/et_pb_row][\/et_pb_section][et_pb_section fb_built=\u00bb1&#8243; admin_label=\u00bbsection\u00bb _builder_version=\u00bb4.13.1&#8243; custom_margin=\u00bb0px||80px||false|false\u00bb custom_margin_tablet=\u00bb||50px||false|false\u00bb custom_margin_phone=\u00bb||50px||false|false\u00bb custom_margin_last_edited=\u00bbon|tablet\u00bb custom_padding=\u00bb0px||0px||false|false\u00bb animation_style=\u00bbslide\u00bb global_colors_info=\u00bb{}\u00bb][et_pb_row column_structure=\u00bb1_2,1_2&#8243; _builder_version=\u00bb4.13.1&#8243; _module_preset=\u00bbdefault\u00bb global_colors_info=\u00bb{}\u00bb][et_pb_column type=\u00bb1_2&#8243; _builder_version=\u00bb4.13.1&#8243; _module_preset=\u00bbdefault\u00bb global_colors_info=\u00bb{}\u00bb][et_pb_text _builder_version=\u00bb4.13.1&#8243; _module_preset=\u00bbdefault\u00bb header_4_font=\u00bb|700||on|||||\u00bb header_4_text_color=\u00bb#00C7D3&#8243; hover_enabled=\u00bb0&#8243; global_colors_info=\u00bb{}\u00bb sticky_enabled=\u00bb0&#8243;]<\/p>\n<h4>Descargas<\/h4>\n<p>[\/et_pb_text][et_pb_blurb title=\u00bbFolleto\u00bb use_icon=\u00bbon\u00bb font_icon=\u00bb&#x69;||divi||400&#8243; icon_color=\u00bb#FFC400&#8243; icon_placement=\u00bbleft\u00bb content_max_width=\u00bb100%\u00bb _builder_version=\u00bb4.13.1&#8243; _dynamic_attributes=\u00bblink_option_url\u00bb _module_preset=\u00bbdefault\u00bb header_level=\u00bbh6&#8243; header_font=\u00bb|700||on|||||\u00bb header_text_color=\u00bb#00C7D3&#8243; link_option_url=\u00bb@ET-DC@eyJkeW5hbWljIjp0cnVlLCJjb250ZW50IjoicG9zdF9saW5rX3VybF9hdHRhY2htZW50Iiwic2V0dGluZ3MiOnsicG9zdF9pZCI6IjU4OTAifX0=@\u00bb link_option_url_new_window=\u00bbon\u00bb locked=\u00bboff\u00bb global_colors_info=\u00bb{}\u00bb]<\/p>\n<p>Costa de O Vicedo (PR &#8211; G 156)<\/p>\n<p>[\/et_pb_blurb][\/et_pb_column][et_pb_column type=\u00bb1_2&#8243; _builder_version=\u00bb4.13.1&#8243; _module_preset=\u00bbdefault\u00bb global_colors_info=\u00bb{}\u00bb][et_pb_text _builder_version=\u00bb4.13.1&#8243; _module_preset=\u00bbdefault\u00bb header_4_font=\u00bb|700||on|||||\u00bb header_4_text_color=\u00bb#00C7D3&#8243; global_colors_info=\u00bb{}\u00bb]<\/p>\n<h4>Enlaces<\/h4>\n<p>[\/et_pb_text][et_pb_button button_url=\u00bbhttp:\/\/fgmontanismo.es\/sendeiros\/prg\/lugo\/\u00bb button_text=\u00bbInformaci\u00f3n y tracks de la ruta\u00bb _builder_version=\u00bb4.13.1&#8243; _module_preset=\u00bbdefault\u00bb global_colors_info=\u00bb{}\u00bb][\/et_pb_button][\/et_pb_column][\/et_pb_row][\/et_pb_section]<\/p>\n","protected":false},"excerpt":{"rendered":"<p>Ruta de senderismo<\/p>\n","protected":false},"author":1,"featured_media":4809,"comment_status":"open","ping_status":"closed","template":"","meta":{"_acf_changed":false,"_et_pb_use_builder":"on","_et_pb_old_content":"","_et_gb_content_width":"","inline_featured_image":false,"footnotes":""},"project_category":[132,138,141],"project_tag":[],"class_list":["post-6187","project","type-project","status-publish","has-post-thumbnail","hentry","project_category-que-facer-es","project_category-rutas-es","project_category-rutas-de-sendeirismo-es"],"acf":[],"yoast_head":"<!-- This site is optimized with the Yoast SEO plugin v24.7 - https:\/\/yoast.com\/wordpress\/plugins\/seo\/ -->\n<title>Costa de O Vicedo (PR - G 156) &#8226; Turismo Concello do Vicedo<\/title>\n<meta name=\"robots\" content=\"index, follow, max-snippet:-1, max-image-preview:large, max-video-preview:-1\" \/>\n<link rel=\"canonical\" href=\"https:\/\/turismo.concellodovicedo.org\/es\/project\/costa-do-vicedo-pr-g-156\/\" \/>\n<meta property=\"og:locale\" content=\"es_ES\" \/>\n<meta property=\"og:type\" content=\"article\" \/>\n<meta property=\"og:title\" content=\"Costa de O Vicedo (PR - G 156) &#8226; Turismo Concello do Vicedo\" \/>\n<meta property=\"og:description\" content=\"Ruta de senderismo\" \/>\n<meta property=\"og:url\" content=\"https:\/\/turismo.concellodovicedo.org\/es\/project\/costa-do-vicedo-pr-g-156\/\" \/>\n<meta property=\"og:site_name\" content=\"Turismo Concello do Vicedo\" \/>\n<meta property=\"article:modified_time\" content=\"2022-04-21T10:16:33+00:00\" \/>\n<meta property=\"og:image\" content=\"https:\/\/turismo.concellodovicedo.org\/wp-content\/uploads\/2021\/11\/Ruta_costa_do_Vicedo1.jpg\" \/>\n\t<meta property=\"og:image:width\" content=\"1200\" \/>\n\t<meta property=\"og:image:height\" content=\"900\" \/>\n\t<meta property=\"og:image:type\" content=\"image\/jpeg\" \/>\n<meta name=\"twitter:card\" content=\"summary_large_image\" \/>\n<meta name=\"twitter:label1\" content=\"Tiempo de lectura\" \/>\n\t<meta name=\"twitter:data1\" content=\"4 minutos\" \/>\n<script type=\"application\/ld+json\" class=\"yoast-schema-graph\">{\"@context\":\"https:\/\/schema.org\",\"@graph\":[{\"@type\":\"WebPage\",\"@id\":\"https:\/\/turismo.concellodovicedo.org\/es\/project\/costa-do-vicedo-pr-g-156\/\",\"url\":\"https:\/\/turismo.concellodovicedo.org\/es\/project\/costa-do-vicedo-pr-g-156\/\",\"name\":\"Costa de O Vicedo (PR - G 156) &#8226; Turismo Concello do Vicedo\",\"isPartOf\":{\"@id\":\"https:\/\/turismo.concellodovicedo.org\/es\/#website\"},\"primaryImageOfPage\":{\"@id\":\"https:\/\/turismo.concellodovicedo.org\/es\/project\/costa-do-vicedo-pr-g-156\/#primaryimage\"},\"image\":{\"@id\":\"https:\/\/turismo.concellodovicedo.org\/es\/project\/costa-do-vicedo-pr-g-156\/#primaryimage\"},\"thumbnailUrl\":\"https:\/\/turismo.concellodovicedo.org\/wp-content\/uploads\/2021\/11\/Ruta_costa_do_Vicedo1.jpg\",\"datePublished\":\"2021-11-29T12:51:42+00:00\",\"dateModified\":\"2022-04-21T10:16:33+00:00\",\"breadcrumb\":{\"@id\":\"https:\/\/turismo.concellodovicedo.org\/es\/project\/costa-do-vicedo-pr-g-156\/#breadcrumb\"},\"inLanguage\":\"es\",\"potentialAction\":[{\"@type\":\"ReadAction\",\"target\":[\"https:\/\/turismo.concellodovicedo.org\/es\/project\/costa-do-vicedo-pr-g-156\/\"]}]},{\"@type\":\"ImageObject\",\"inLanguage\":\"es\",\"@id\":\"https:\/\/turismo.concellodovicedo.org\/es\/project\/costa-do-vicedo-pr-g-156\/#primaryimage\",\"url\":\"https:\/\/turismo.concellodovicedo.org\/wp-content\/uploads\/2021\/11\/Ruta_costa_do_Vicedo1.jpg\",\"contentUrl\":\"https:\/\/turismo.concellodovicedo.org\/wp-content\/uploads\/2021\/11\/Ruta_costa_do_Vicedo1.jpg\",\"width\":1200,\"height\":900,\"caption\":\"Costa do Vicedo (PR - G 156)\"},{\"@type\":\"BreadcrumbList\",\"@id\":\"https:\/\/turismo.concellodovicedo.org\/es\/project\/costa-do-vicedo-pr-g-156\/#breadcrumb\",\"itemListElement\":[{\"@type\":\"ListItem\",\"position\":1,\"name\":\"Home\",\"item\":\"https:\/\/turismo.concellodovicedo.org\/es\/\"},{\"@type\":\"ListItem\",\"position\":2,\"name\":\"Proyectos\",\"item\":\"https:\/\/turismo.concellodovicedo.org\/es\/project\/\"},{\"@type\":\"ListItem\",\"position\":3,\"name\":\"Costa de O Vicedo (PR &#8211; G 156)\"}]},{\"@type\":\"WebSite\",\"@id\":\"https:\/\/turismo.concellodovicedo.org\/es\/#website\",\"url\":\"https:\/\/turismo.concellodovicedo.org\/es\/\",\"name\":\"Turismo Concello do Vicedo\",\"description\":\"Portal de Turismo do Concello do Vicedo\",\"publisher\":{\"@id\":\"https:\/\/turismo.concellodovicedo.org\/es\/#organization\"},\"potentialAction\":[{\"@type\":\"SearchAction\",\"target\":{\"@type\":\"EntryPoint\",\"urlTemplate\":\"https:\/\/turismo.concellodovicedo.org\/es\/?s={search_term_string}\"},\"query-input\":{\"@type\":\"PropertyValueSpecification\",\"valueRequired\":true,\"valueName\":\"search_term_string\"}}],\"inLanguage\":\"es\"},{\"@type\":\"Organization\",\"@id\":\"https:\/\/turismo.concellodovicedo.org\/es\/#organization\",\"name\":\"Turismo Concello O Vicedo\",\"url\":\"https:\/\/turismo.concellodovicedo.org\/es\/\",\"logo\":{\"@type\":\"ImageObject\",\"inLanguage\":\"es\",\"@id\":\"https:\/\/turismo.concellodovicedo.org\/es\/#\/schema\/logo\/image\/\",\"url\":\"https:\/\/turismo.concellodovicedo.org\/wp-content\/uploads\/2021\/11\/logo-turismo-vicedo-02.png\",\"contentUrl\":\"https:\/\/turismo.concellodovicedo.org\/wp-content\/uploads\/2021\/11\/logo-turismo-vicedo-02.png\",\"width\":200,\"height\":200,\"caption\":\"Turismo Concello O Vicedo\"},\"image\":{\"@id\":\"https:\/\/turismo.concellodovicedo.org\/es\/#\/schema\/logo\/image\/\"}}]}<\/script>\n<!-- \/ Yoast SEO plugin. -->","yoast_head_json":{"title":"Costa de O Vicedo (PR - G 156) &#8226; Turismo Concello do Vicedo","robots":{"index":"index","follow":"follow","max-snippet":"max-snippet:-1","max-image-preview":"max-image-preview:large","max-video-preview":"max-video-preview:-1"},"canonical":"https:\/\/turismo.concellodovicedo.org\/es\/project\/costa-do-vicedo-pr-g-156\/","og_locale":"es_ES","og_type":"article","og_title":"Costa de O Vicedo (PR - G 156) &#8226; Turismo Concello do Vicedo","og_description":"Ruta de senderismo","og_url":"https:\/\/turismo.concellodovicedo.org\/es\/project\/costa-do-vicedo-pr-g-156\/","og_site_name":"Turismo Concello do Vicedo","article_modified_time":"2022-04-21T10:16:33+00:00","og_image":[{"width":1200,"height":900,"url":"https:\/\/turismo.concellodovicedo.org\/wp-content\/uploads\/2021\/11\/Ruta_costa_do_Vicedo1.jpg","type":"image\/jpeg"}],"twitter_card":"summary_large_image","twitter_misc":{"Tiempo de lectura":"4 minutos"},"schema":{"@context":"https:\/\/schema.org","@graph":[{"@type":"WebPage","@id":"https:\/\/turismo.concellodovicedo.org\/es\/project\/costa-do-vicedo-pr-g-156\/","url":"https:\/\/turismo.concellodovicedo.org\/es\/project\/costa-do-vicedo-pr-g-156\/","name":"Costa de O Vicedo (PR - G 156) &#8226; Turismo Concello do Vicedo","isPartOf":{"@id":"https:\/\/turismo.concellodovicedo.org\/es\/#website"},"primaryImageOfPage":{"@id":"https:\/\/turismo.concellodovicedo.org\/es\/project\/costa-do-vicedo-pr-g-156\/#primaryimage"},"image":{"@id":"https:\/\/turismo.concellodovicedo.org\/es\/project\/costa-do-vicedo-pr-g-156\/#primaryimage"},"thumbnailUrl":"https:\/\/turismo.concellodovicedo.org\/wp-content\/uploads\/2021\/11\/Ruta_costa_do_Vicedo1.jpg","datePublished":"2021-11-29T12:51:42+00:00","dateModified":"2022-04-21T10:16:33+00:00","breadcrumb":{"@id":"https:\/\/turismo.concellodovicedo.org\/es\/project\/costa-do-vicedo-pr-g-156\/#breadcrumb"},"inLanguage":"es","potentialAction":[{"@type":"ReadAction","target":["https:\/\/turismo.concellodovicedo.org\/es\/project\/costa-do-vicedo-pr-g-156\/"]}]},{"@type":"ImageObject","inLanguage":"es","@id":"https:\/\/turismo.concellodovicedo.org\/es\/project\/costa-do-vicedo-pr-g-156\/#primaryimage","url":"https:\/\/turismo.concellodovicedo.org\/wp-content\/uploads\/2021\/11\/Ruta_costa_do_Vicedo1.jpg","contentUrl":"https:\/\/turismo.concellodovicedo.org\/wp-content\/uploads\/2021\/11\/Ruta_costa_do_Vicedo1.jpg","width":1200,"height":900,"caption":"Costa do Vicedo (PR - G 156)"},{"@type":"BreadcrumbList","@id":"https:\/\/turismo.concellodovicedo.org\/es\/project\/costa-do-vicedo-pr-g-156\/#breadcrumb","itemListElement":[{"@type":"ListItem","position":1,"name":"Home","item":"https:\/\/turismo.concellodovicedo.org\/es\/"},{"@type":"ListItem","position":2,"name":"Proyectos","item":"https:\/\/turismo.concellodovicedo.org\/es\/project\/"},{"@type":"ListItem","position":3,"name":"Costa de O Vicedo (PR &#8211; G 156)"}]},{"@type":"WebSite","@id":"https:\/\/turismo.concellodovicedo.org\/es\/#website","url":"https:\/\/turismo.concellodovicedo.org\/es\/","name":"Turismo Concello do Vicedo","description":"Portal de Turismo do Concello do Vicedo","publisher":{"@id":"https:\/\/turismo.concellodovicedo.org\/es\/#organization"},"potentialAction":[{"@type":"SearchAction","target":{"@type":"EntryPoint","urlTemplate":"https:\/\/turismo.concellodovicedo.org\/es\/?s={search_term_string}"},"query-input":{"@type":"PropertyValueSpecification","valueRequired":true,"valueName":"search_term_string"}}],"inLanguage":"es"},{"@type":"Organization","@id":"https:\/\/turismo.concellodovicedo.org\/es\/#organization","name":"Turismo Concello O Vicedo","url":"https:\/\/turismo.concellodovicedo.org\/es\/","logo":{"@type":"ImageObject","inLanguage":"es","@id":"https:\/\/turismo.concellodovicedo.org\/es\/#\/schema\/logo\/image\/","url":"https:\/\/turismo.concellodovicedo.org\/wp-content\/uploads\/2021\/11\/logo-turismo-vicedo-02.png","contentUrl":"https:\/\/turismo.concellodovicedo.org\/wp-content\/uploads\/2021\/11\/logo-turismo-vicedo-02.png","width":200,"height":200,"caption":"Turismo Concello O Vicedo"},"image":{"@id":"https:\/\/turismo.concellodovicedo.org\/es\/#\/schema\/logo\/image\/"}}]}},"_links":{"self":[{"href":"https:\/\/turismo.concellodovicedo.org\/es\/wp-json\/wp\/v2\/project\/6187","targetHints":{"allow":["GET"]}}],"collection":[{"href":"https:\/\/turismo.concellodovicedo.org\/es\/wp-json\/wp\/v2\/project"}],"about":[{"href":"https:\/\/turismo.concellodovicedo.org\/es\/wp-json\/wp\/v2\/types\/project"}],"author":[{"embeddable":true,"href":"https:\/\/turismo.concellodovicedo.org\/es\/wp-json\/wp\/v2\/users\/1"}],"replies":[{"embeddable":true,"href":"https:\/\/turismo.concellodovicedo.org\/es\/wp-json\/wp\/v2\/comments?post=6187"}],"version-history":[{"count":7,"href":"https:\/\/turismo.concellodovicedo.org\/es\/wp-json\/wp\/v2\/project\/6187\/revisions"}],"predecessor-version":[{"id":7179,"href":"https:\/\/turismo.concellodovicedo.org\/es\/wp-json\/wp\/v2\/project\/6187\/revisions\/7179"}],"wp:featuredmedia":[{"embeddable":true,"href":"https:\/\/turismo.concellodovicedo.org\/es\/wp-json\/wp\/v2\/media\/4809"}],"wp:attachment":[{"href":"https:\/\/turismo.concellodovicedo.org\/es\/wp-json\/wp\/v2\/media?parent=6187"}],"wp:term":[{"taxonomy":"project_category","embeddable":true,"href":"https:\/\/turismo.concellodovicedo.org\/es\/wp-json\/wp\/v2\/project_category?post=6187"},{"taxonomy":"project_tag","embeddable":true,"href":"https:\/\/turismo.concellodovicedo.org\/es\/wp-json\/wp\/v2\/project_tag?post=6187"}],"curies":[{"name":"wp","href":"https:\/\/api.w.org\/{rel}","templated":true}]}}