{"id":6186,"date":"2021-11-29T14:07:57","date_gmt":"2021-11-29T13:07:57","guid":{"rendered":"http:\/\/turismo.concellodovicedo.org.185-176-9-81.185-176-9-81.visualpublinet.com\/project\/sendeiro-azul-praia-de-abrela-punta-socastro-fucino-do-porco\/"},"modified":"2022-04-21T11:13:52","modified_gmt":"2022-04-21T10:13:52","slug":"sendeiro-azul-praia-de-abrela-punta-socastro-fucino-do-porco","status":"publish","type":"project","link":"https:\/\/turismo.concellodovicedo.org\/es\/project\/sendeiro-azul-praia-de-abrela-punta-socastro-fucino-do-porco\/","title":{"rendered":"Sendero Azul Playa de Abrela &#8211; Punta Socastro (Fuci\u00f1o do Porco)"},"content":{"rendered":"<p>[et_pb_section fb_built=\u00bb1&#8243; admin_label=\u00bbsection\u00bb _builder_version=\u00bb4.13.1&#8243; custom_margin=\u00bb0px||80px||false|false\u00bb custom_margin_tablet=\u00bb||50px||false|false\u00bb custom_margin_phone=\u00bb||50px||false|false\u00bb custom_margin_last_edited=\u00bbon|tablet\u00bb custom_padding=\u00bb0px||0px||false|false\u00bb animation_style=\u00bbslide\u00bb global_colors_info=\u00bb{}\u00bb][et_pb_row _builder_version=\u00bb4.13.1&#8243; _module_preset=\u00bbdefault\u00bb width=\u00bb60%\u00bb width_tablet=\u00bb80%\u00bb width_phone=\u00bb80%\u00bb width_last_edited=\u00bbon|tablet\u00bb global_colors_info=\u00bb{}\u00bb][et_pb_column type=\u00bb4_4&#8243; _builder_version=\u00bb4.13.1&#8243; _module_preset=\u00bbdefault\u00bb global_colors_info=\u00bb{}\u00bb][et_pb_text _builder_version=\u00bb4.13.1&#8243; _module_preset=\u00bbdefault\u00bb header_4_font=\u00bb|700||on|||||\u00bb header_4_text_color=\u00bb#FFC400&#8243; header_5_font=\u00bb|700||on|||||\u00bb header_5_text_color=\u00bb#00B215&#8243; text_orientation=\u00bbcenter\u00bb hover_enabled=\u00bb0&#8243; global_colors_info=\u00bb{}\u00bb sticky_enabled=\u00bb0&#8243;]<\/p>\n<h5>El sendero parte de la playa de Abrela, galardonada con Bandera Azul desde el a\u00f1o 2009 y con una zona dunar importante.<\/h5>\n<p>Contin\u00faa el recorrido por la playita de Porto de Val, con aguas muy tranquilas y desde donde se puede apreciar que salen embarcaciones pesqueras peque\u00f1as.<\/p>\n<p>[\/et_pb_text][\/et_pb_column][\/et_pb_row][et_pb_row column_structure=\u00bb1_2,1_2&#8243; _builder_version=\u00bb4.13.1&#8243; _module_preset=\u00bbdefault\u00bb global_colors_info=\u00bb{}\u00bb][et_pb_column type=\u00bb1_2&#8243; _builder_version=\u00bb4.13.1&#8243; _module_preset=\u00bbdefault\u00bb global_colors_info=\u00bb{}\u00bb][et_pb_text _builder_version=\u00bb4.13.1&#8243; _module_preset=\u00bbdefault\u00bb hover_enabled=\u00bb0&#8243; global_colors_info=\u00bb{}\u00bb sticky_enabled=\u00bb0&#8243;]<\/p>\n<p>El siguiente punto de inter\u00e9s es la playa de Alegr\u00edn, playita escondida y en estado totalmente virgen, donde tambi\u00e9n se puede ver una peque\u00f1a gr\u00faa para bajar embarcaciones. A continuaci\u00f3n se puede visitar la cetarea de Medas do Castro, donde se puede ver c\u00f3mo se aprovech\u00f3 el entorno rocoso para construir esta cetarea.<\/p>\n<p>Finalmente, llegamos a la Punta Socastro, tambi\u00e9n conocida popularmente como Fuci\u00f1o do Porco, con el mirador natural sobre la playa de Pereira y Arena Grande y hacia el este la R\u00eda de Viveiro. Finaliza el Sendero Azul en la baliza luminosa de Punta Socastro.<\/p>\n<p>[\/et_pb_text][\/et_pb_column][et_pb_column type=\u00bb1_2&#8243; _builder_version=\u00bb4.13.1&#8243; _module_preset=\u00bbdefault\u00bb global_colors_info=\u00bb{}\u00bb][et_pb_image src=\u00bbhttps:\/\/turismo.concellodovicedo.org\/wp-content\/uploads\/2021\/11\/3sendeiro_azul4.jpg\u00bb alt=\u00bbSendeiro Azul Praia de Abrela &#8211; Punta Socastro (Fuci\u00f1o do Porco)\u00bb title_text=\u00bbSendeiro Azul Praia de Abrela &#8211; Punta Socastro (Fuci\u00f1o do Porco)\u00bb align=\u00bbcenter\u00bb _builder_version=\u00bb4.13.1&#8243; _module_preset=\u00bbdefault\u00bb global_colors_info=\u00bb{}\u00bb][\/et_pb_image][\/et_pb_column][\/et_pb_row][et_pb_row column_structure=\u00bb1_2,1_2&#8243; _builder_version=\u00bb4.13.1&#8243; _module_preset=\u00bbdefault\u00bb global_colors_info=\u00bb{}\u00bb][et_pb_column type=\u00bb1_2&#8243; _builder_version=\u00bb4.13.1&#8243; _module_preset=\u00bbdefault\u00bb global_colors_info=\u00bb{}\u00bb][et_pb_image src=\u00bbhttps:\/\/turismo.concellodovicedo.org\/wp-content\/uploads\/2021\/11\/sendeiro_azul2.jpg\u00bb alt=\u00bbSendeiro Azul Praia de Abrela &#8211; Punta Socastro (Fuci\u00f1o do Porco)\u00bb title_text=\u00bbSendeiro Azul Praia de Abrela &#8211; Punta Socastro (Fuci\u00f1o do Porco)\u00bb align=\u00bbcenter\u00bb _builder_version=\u00bb4.13.1&#8243; _module_preset=\u00bbdefault\u00bb global_colors_info=\u00bb{}\u00bb][\/et_pb_image][\/et_pb_column][et_pb_column type=\u00bb1_2&#8243; _builder_version=\u00bb4.13.1&#8243; _module_preset=\u00bbdefault\u00bb global_colors_info=\u00bb{}\u00bb][et_pb_image src=\u00bbhttps:\/\/turismo.concellodovicedo.org\/wp-content\/uploads\/2021\/11\/sendeiro_azul1.jpg\u00bb alt=\u00bbSendeiro Azul Praia de Abrela &#8211; Punta Socastro (Fuci\u00f1o do Porco)\u00bb title_text=\u00bbSendeiro Azul Praia de Abrela &#8211; Punta Socastro (Fuci\u00f1o do Porco)\u00bb align=\u00bbcenter\u00bb _builder_version=\u00bb4.13.1&#8243; _module_preset=\u00bbdefault\u00bb global_colors_info=\u00bb{}\u00bb][\/et_pb_image][\/et_pb_column][\/et_pb_row][\/et_pb_section][et_pb_section fb_built=\u00bb1&#8243; admin_label=\u00bbsection\u00bb _builder_version=\u00bb4.13.1&#8243; custom_margin=\u00bb0px||80px||false|false\u00bb custom_margin_tablet=\u00bb||50px||false|false\u00bb custom_margin_phone=\u00bb||50px||false|false\u00bb custom_margin_last_edited=\u00bbon|tablet\u00bb custom_padding=\u00bb0px||0px||false|false\u00bb animation_style=\u00bbslide\u00bb global_colors_info=\u00bb{}\u00bb][et_pb_row column_structure=\u00bb1_2,1_2&#8243; _builder_version=\u00bb4.13.1&#8243; _module_preset=\u00bbdefault\u00bb global_colors_info=\u00bb{}\u00bb][et_pb_column type=\u00bb1_2&#8243; _builder_version=\u00bb4.13.1&#8243; _module_preset=\u00bbdefault\u00bb global_colors_info=\u00bb{}\u00bb][et_pb_button button_url=\u00bbhttp:\/\/senderosazules.org\/app\/OVicedo\/index.html\u00bb button_text=\u00bbInformaci\u00f3n y tracks de la ruta\u00bb _builder_version=\u00bb4.13.1&#8243; _module_preset=\u00bbdefault\u00bb global_colors_info=\u00bb{}\u00bb][\/et_pb_button][\/et_pb_column][et_pb_column type=\u00bb1_2&#8243; _builder_version=\u00bb4.13.1&#8243; _module_preset=\u00bbdefault\u00bb global_colors_info=\u00bb{}\u00bb][\/et_pb_column][\/et_pb_row][\/et_pb_section]<\/p>\n","protected":false},"excerpt":{"rendered":"<p>Ruta de senderismo<\/p>\n","protected":false},"author":1,"featured_media":4827,"comment_status":"open","ping_status":"closed","template":"","meta":{"_acf_changed":false,"_et_pb_use_builder":"on","_et_pb_old_content":"","_et_gb_content_width":"","inline_featured_image":false,"footnotes":""},"project_category":[132,138,141],"project_tag":[],"class_list":["post-6186","project","type-project","status-publish","has-post-thumbnail","hentry","project_category-que-facer-es","project_category-rutas-es","project_category-rutas-de-sendeirismo-es"],"acf":[],"yoast_head":"<!-- This site is optimized with the Yoast SEO plugin v24.7 - https:\/\/yoast.com\/wordpress\/plugins\/seo\/ -->\n<title>Sendero Azul Playa de Abrela - Punta Socastro (Fuci\u00f1o do Porco) &#8226; Turismo Concello do Vicedo<\/title>\n<meta name=\"robots\" content=\"index, follow, max-snippet:-1, max-image-preview:large, max-video-preview:-1\" \/>\n<link rel=\"canonical\" href=\"https:\/\/turismo.concellodovicedo.org\/es\/project\/sendeiro-azul-praia-de-abrela-punta-socastro-fucino-do-porco\/\" \/>\n<meta property=\"og:locale\" content=\"es_ES\" \/>\n<meta property=\"og:type\" content=\"article\" \/>\n<meta property=\"og:title\" content=\"Sendero Azul Playa de Abrela - Punta Socastro (Fuci\u00f1o do Porco) &#8226; Turismo Concello do Vicedo\" \/>\n<meta property=\"og:description\" content=\"Ruta de senderismo\" \/>\n<meta property=\"og:url\" content=\"https:\/\/turismo.concellodovicedo.org\/es\/project\/sendeiro-azul-praia-de-abrela-punta-socastro-fucino-do-porco\/\" \/>\n<meta property=\"og:site_name\" content=\"Turismo Concello do Vicedo\" \/>\n<meta property=\"article:modified_time\" content=\"2022-04-21T10:13:52+00:00\" \/>\n<meta property=\"og:image\" content=\"https:\/\/turismo.concellodovicedo.org\/wp-content\/uploads\/2021\/11\/3sendeiro_azul4.jpg\" \/>\n\t<meta property=\"og:image:width\" content=\"900\" \/>\n\t<meta property=\"og:image:height\" content=\"675\" \/>\n\t<meta property=\"og:image:type\" content=\"image\/jpeg\" \/>\n<meta name=\"twitter:card\" content=\"summary_large_image\" \/>\n<meta name=\"twitter:label1\" content=\"Tiempo de lectura\" \/>\n\t<meta name=\"twitter:data1\" content=\"3 minutos\" \/>\n<script type=\"application\/ld+json\" class=\"yoast-schema-graph\">{\"@context\":\"https:\/\/schema.org\",\"@graph\":[{\"@type\":\"WebPage\",\"@id\":\"https:\/\/turismo.concellodovicedo.org\/es\/project\/sendeiro-azul-praia-de-abrela-punta-socastro-fucino-do-porco\/\",\"url\":\"https:\/\/turismo.concellodovicedo.org\/es\/project\/sendeiro-azul-praia-de-abrela-punta-socastro-fucino-do-porco\/\",\"name\":\"Sendero Azul Playa de Abrela - Punta Socastro (Fuci\u00f1o do Porco) &#8226; Turismo Concello do Vicedo\",\"isPartOf\":{\"@id\":\"https:\/\/turismo.concellodovicedo.org\/es\/#website\"},\"primaryImageOfPage\":{\"@id\":\"https:\/\/turismo.concellodovicedo.org\/es\/project\/sendeiro-azul-praia-de-abrela-punta-socastro-fucino-do-porco\/#primaryimage\"},\"image\":{\"@id\":\"https:\/\/turismo.concellodovicedo.org\/es\/project\/sendeiro-azul-praia-de-abrela-punta-socastro-fucino-do-porco\/#primaryimage\"},\"thumbnailUrl\":\"https:\/\/turismo.concellodovicedo.org\/wp-content\/uploads\/2021\/11\/3sendeiro_azul4.jpg\",\"datePublished\":\"2021-11-29T13:07:57+00:00\",\"dateModified\":\"2022-04-21T10:13:52+00:00\",\"breadcrumb\":{\"@id\":\"https:\/\/turismo.concellodovicedo.org\/es\/project\/sendeiro-azul-praia-de-abrela-punta-socastro-fucino-do-porco\/#breadcrumb\"},\"inLanguage\":\"es\",\"potentialAction\":[{\"@type\":\"ReadAction\",\"target\":[\"https:\/\/turismo.concellodovicedo.org\/es\/project\/sendeiro-azul-praia-de-abrela-punta-socastro-fucino-do-porco\/\"]}]},{\"@type\":\"ImageObject\",\"inLanguage\":\"es\",\"@id\":\"https:\/\/turismo.concellodovicedo.org\/es\/project\/sendeiro-azul-praia-de-abrela-punta-socastro-fucino-do-porco\/#primaryimage\",\"url\":\"https:\/\/turismo.concellodovicedo.org\/wp-content\/uploads\/2021\/11\/3sendeiro_azul4.jpg\",\"contentUrl\":\"https:\/\/turismo.concellodovicedo.org\/wp-content\/uploads\/2021\/11\/3sendeiro_azul4.jpg\",\"width\":900,\"height\":675,\"caption\":\"Sendeiro Azul Praia de Abrela - Punta Socastro (Fuci\u00f1o do Porco)\"},{\"@type\":\"BreadcrumbList\",\"@id\":\"https:\/\/turismo.concellodovicedo.org\/es\/project\/sendeiro-azul-praia-de-abrela-punta-socastro-fucino-do-porco\/#breadcrumb\",\"itemListElement\":[{\"@type\":\"ListItem\",\"position\":1,\"name\":\"Home\",\"item\":\"https:\/\/turismo.concellodovicedo.org\/es\/\"},{\"@type\":\"ListItem\",\"position\":2,\"name\":\"Proyectos\",\"item\":\"https:\/\/turismo.concellodovicedo.org\/es\/project\/\"},{\"@type\":\"ListItem\",\"position\":3,\"name\":\"Sendero Azul Playa de Abrela &#8211; Punta Socastro (Fuci\u00f1o do Porco)\"}]},{\"@type\":\"WebSite\",\"@id\":\"https:\/\/turismo.concellodovicedo.org\/es\/#website\",\"url\":\"https:\/\/turismo.concellodovicedo.org\/es\/\",\"name\":\"Turismo Concello do Vicedo\",\"description\":\"Portal de Turismo do Concello do Vicedo\",\"publisher\":{\"@id\":\"https:\/\/turismo.concellodovicedo.org\/es\/#organization\"},\"potentialAction\":[{\"@type\":\"SearchAction\",\"target\":{\"@type\":\"EntryPoint\",\"urlTemplate\":\"https:\/\/turismo.concellodovicedo.org\/es\/?s={search_term_string}\"},\"query-input\":{\"@type\":\"PropertyValueSpecification\",\"valueRequired\":true,\"valueName\":\"search_term_string\"}}],\"inLanguage\":\"es\"},{\"@type\":\"Organization\",\"@id\":\"https:\/\/turismo.concellodovicedo.org\/es\/#organization\",\"name\":\"Turismo Concello O Vicedo\",\"url\":\"https:\/\/turismo.concellodovicedo.org\/es\/\",\"logo\":{\"@type\":\"ImageObject\",\"inLanguage\":\"es\",\"@id\":\"https:\/\/turismo.concellodovicedo.org\/es\/#\/schema\/logo\/image\/\",\"url\":\"https:\/\/turismo.concellodovicedo.org\/wp-content\/uploads\/2021\/11\/logo-turismo-vicedo-02.png\",\"contentUrl\":\"https:\/\/turismo.concellodovicedo.org\/wp-content\/uploads\/2021\/11\/logo-turismo-vicedo-02.png\",\"width\":200,\"height\":200,\"caption\":\"Turismo Concello O Vicedo\"},\"image\":{\"@id\":\"https:\/\/turismo.concellodovicedo.org\/es\/#\/schema\/logo\/image\/\"}}]}<\/script>\n<!-- \/ Yoast SEO plugin. -->","yoast_head_json":{"title":"Sendero Azul Playa de Abrela - Punta Socastro (Fuci\u00f1o do Porco) &#8226; Turismo Concello do Vicedo","robots":{"index":"index","follow":"follow","max-snippet":"max-snippet:-1","max-image-preview":"max-image-preview:large","max-video-preview":"max-video-preview:-1"},"canonical":"https:\/\/turismo.concellodovicedo.org\/es\/project\/sendeiro-azul-praia-de-abrela-punta-socastro-fucino-do-porco\/","og_locale":"es_ES","og_type":"article","og_title":"Sendero Azul Playa de Abrela - Punta Socastro (Fuci\u00f1o do Porco) &#8226; Turismo Concello do Vicedo","og_description":"Ruta de senderismo","og_url":"https:\/\/turismo.concellodovicedo.org\/es\/project\/sendeiro-azul-praia-de-abrela-punta-socastro-fucino-do-porco\/","og_site_name":"Turismo Concello do Vicedo","article_modified_time":"2022-04-21T10:13:52+00:00","og_image":[{"width":900,"height":675,"url":"https:\/\/turismo.concellodovicedo.org\/wp-content\/uploads\/2021\/11\/3sendeiro_azul4.jpg","type":"image\/jpeg"}],"twitter_card":"summary_large_image","twitter_misc":{"Tiempo de lectura":"3 minutos"},"schema":{"@context":"https:\/\/schema.org","@graph":[{"@type":"WebPage","@id":"https:\/\/turismo.concellodovicedo.org\/es\/project\/sendeiro-azul-praia-de-abrela-punta-socastro-fucino-do-porco\/","url":"https:\/\/turismo.concellodovicedo.org\/es\/project\/sendeiro-azul-praia-de-abrela-punta-socastro-fucino-do-porco\/","name":"Sendero Azul Playa de Abrela - Punta Socastro (Fuci\u00f1o do Porco) &#8226; Turismo Concello do Vicedo","isPartOf":{"@id":"https:\/\/turismo.concellodovicedo.org\/es\/#website"},"primaryImageOfPage":{"@id":"https:\/\/turismo.concellodovicedo.org\/es\/project\/sendeiro-azul-praia-de-abrela-punta-socastro-fucino-do-porco\/#primaryimage"},"image":{"@id":"https:\/\/turismo.concellodovicedo.org\/es\/project\/sendeiro-azul-praia-de-abrela-punta-socastro-fucino-do-porco\/#primaryimage"},"thumbnailUrl":"https:\/\/turismo.concellodovicedo.org\/wp-content\/uploads\/2021\/11\/3sendeiro_azul4.jpg","datePublished":"2021-11-29T13:07:57+00:00","dateModified":"2022-04-21T10:13:52+00:00","breadcrumb":{"@id":"https:\/\/turismo.concellodovicedo.org\/es\/project\/sendeiro-azul-praia-de-abrela-punta-socastro-fucino-do-porco\/#breadcrumb"},"inLanguage":"es","potentialAction":[{"@type":"ReadAction","target":["https:\/\/turismo.concellodovicedo.org\/es\/project\/sendeiro-azul-praia-de-abrela-punta-socastro-fucino-do-porco\/"]}]},{"@type":"ImageObject","inLanguage":"es","@id":"https:\/\/turismo.concellodovicedo.org\/es\/project\/sendeiro-azul-praia-de-abrela-punta-socastro-fucino-do-porco\/#primaryimage","url":"https:\/\/turismo.concellodovicedo.org\/wp-content\/uploads\/2021\/11\/3sendeiro_azul4.jpg","contentUrl":"https:\/\/turismo.concellodovicedo.org\/wp-content\/uploads\/2021\/11\/3sendeiro_azul4.jpg","width":900,"height":675,"caption":"Sendeiro Azul Praia de Abrela - Punta Socastro (Fuci\u00f1o do Porco)"},{"@type":"BreadcrumbList","@id":"https:\/\/turismo.concellodovicedo.org\/es\/project\/sendeiro-azul-praia-de-abrela-punta-socastro-fucino-do-porco\/#breadcrumb","itemListElement":[{"@type":"ListItem","position":1,"name":"Home","item":"https:\/\/turismo.concellodovicedo.org\/es\/"},{"@type":"ListItem","position":2,"name":"Proyectos","item":"https:\/\/turismo.concellodovicedo.org\/es\/project\/"},{"@type":"ListItem","position":3,"name":"Sendero Azul Playa de Abrela &#8211; Punta Socastro (Fuci\u00f1o do Porco)"}]},{"@type":"WebSite","@id":"https:\/\/turismo.concellodovicedo.org\/es\/#website","url":"https:\/\/turismo.concellodovicedo.org\/es\/","name":"Turismo Concello do Vicedo","description":"Portal de Turismo do Concello do Vicedo","publisher":{"@id":"https:\/\/turismo.concellodovicedo.org\/es\/#organization"},"potentialAction":[{"@type":"SearchAction","target":{"@type":"EntryPoint","urlTemplate":"https:\/\/turismo.concellodovicedo.org\/es\/?s={search_term_string}"},"query-input":{"@type":"PropertyValueSpecification","valueRequired":true,"valueName":"search_term_string"}}],"inLanguage":"es"},{"@type":"Organization","@id":"https:\/\/turismo.concellodovicedo.org\/es\/#organization","name":"Turismo Concello O Vicedo","url":"https:\/\/turismo.concellodovicedo.org\/es\/","logo":{"@type":"ImageObject","inLanguage":"es","@id":"https:\/\/turismo.concellodovicedo.org\/es\/#\/schema\/logo\/image\/","url":"https:\/\/turismo.concellodovicedo.org\/wp-content\/uploads\/2021\/11\/logo-turismo-vicedo-02.png","contentUrl":"https:\/\/turismo.concellodovicedo.org\/wp-content\/uploads\/2021\/11\/logo-turismo-vicedo-02.png","width":200,"height":200,"caption":"Turismo Concello O Vicedo"},"image":{"@id":"https:\/\/turismo.concellodovicedo.org\/es\/#\/schema\/logo\/image\/"}}]}},"_links":{"self":[{"href":"https:\/\/turismo.concellodovicedo.org\/es\/wp-json\/wp\/v2\/project\/6186","targetHints":{"allow":["GET"]}}],"collection":[{"href":"https:\/\/turismo.concellodovicedo.org\/es\/wp-json\/wp\/v2\/project"}],"about":[{"href":"https:\/\/turismo.concellodovicedo.org\/es\/wp-json\/wp\/v2\/types\/project"}],"author":[{"embeddable":true,"href":"https:\/\/turismo.concellodovicedo.org\/es\/wp-json\/wp\/v2\/users\/1"}],"replies":[{"embeddable":true,"href":"https:\/\/turismo.concellodovicedo.org\/es\/wp-json\/wp\/v2\/comments?post=6186"}],"version-history":[{"count":10,"href":"https:\/\/turismo.concellodovicedo.org\/es\/wp-json\/wp\/v2\/project\/6186\/revisions"}],"predecessor-version":[{"id":7175,"href":"https:\/\/turismo.concellodovicedo.org\/es\/wp-json\/wp\/v2\/project\/6186\/revisions\/7175"}],"wp:featuredmedia":[{"embeddable":true,"href":"https:\/\/turismo.concellodovicedo.org\/es\/wp-json\/wp\/v2\/media\/4827"}],"wp:attachment":[{"href":"https:\/\/turismo.concellodovicedo.org\/es\/wp-json\/wp\/v2\/media?parent=6186"}],"wp:term":[{"taxonomy":"project_category","embeddable":true,"href":"https:\/\/turismo.concellodovicedo.org\/es\/wp-json\/wp\/v2\/project_category?post=6186"},{"taxonomy":"project_tag","embeddable":true,"href":"https:\/\/turismo.concellodovicedo.org\/es\/wp-json\/wp\/v2\/project_tag?post=6186"}],"curies":[{"name":"wp","href":"https:\/\/api.w.org\/{rel}","templated":true}]}}